{"id":6035,"date":"2025-07-03T18:55:22","date_gmt":"2025-07-03T16:55:22","guid":{"rendered":"https:\/\/naturalmentebiella.it\/?page_id=6035"},"modified":"2025-07-03T19:03:23","modified_gmt":"2025-07-03T17:03:23","slug":"privacy-policy","status":"publish","type":"page","link":"https:\/\/naturalmentebiella.it\/index.php\/privacy-policy\/","title":{"rendered":"Privacy policy"},"content":{"rendered":"<div class=\"fusion-fullwidth fullwidth-box fusion-builder-row-1 fusion-flex-container has-pattern-background has-mask-background nonhundred-percent-fullwidth non-hundred-percent-height-scrolling\" style=\"--awb-border-radius-top-left:0px;--awb-border-radius-top-right:0px;--awb-border-radius-bottom-right:0px;--awb-border-radius-bottom-left:0px;--awb-flex-wrap:wrap;\" ><div class=\"fusion-builder-row fusion-row fusion-flex-align-items-flex-start fusion-flex-content-wrap\" style=\"max-width:1248px;margin-left: calc(-4% \/ 2 );margin-right: calc(-4% \/ 2 );\"><div class=\"fusion-layout-column fusion_builder_column fusion-builder-column-0 fusion_builder_column_1_1 1_1 fusion-flex-column\" style=\"--awb-bg-size:cover;--awb-width-large:100%;--awb-margin-top-large:0px;--awb-spacing-right-large:1.92%;--awb-margin-bottom-large:0px;--awb-spacing-left-large:1.92%;--awb-width-medium:100%;--awb-spacing-right-medium:1.92%;--awb-spacing-left-medium:1.92%;--awb-width-small:100%;--awb-spacing-right-small:1.92%;--awb-spacing-left-small:1.92%;\"><div class=\"fusion-column-wrapper fusion-flex-justify-content-flex-start fusion-content-layout-column\"><div class=\"fusion-text fusion-text-1\" style=\"--awb-content-alignment:justify;\"><p>Fondazione BIellezza \u00e8 cosciente dell\u2019importanza dei dati personali dei propri interlocutori ed intende pertanto informare e fornire agli stessi il massimo controllo possibile sulla gestione delle informazioni di carattere personale raccolte per il tramite del presente sito internet\u00a0www.fondazionebiellezza.it<\/p>\n<p>1- Titolarit\u00e0 del trattamento dei dati raccolti e trattati nel Sito<\/p>\n<p>Il Titolare del trattamento dei dati raccolti sul Sito \u00e8 Fondazione BIellezza, sede legale in via Seminari n. 1 \u2013 13900 Biella\u00a0(di seguito, \u201cFondazione\u201c).<\/p>\n<p>Per qualsiasi informazione in merito al trattamento dei dati personali \u00e8 possibile scrivere all\u2019indirizzo e-mail\u00a0fondazionebiellezza@pec.it\u00a0<\/p>\n<p>2- Tipologia di dati raccolti e finalit\u00e0 dei trattamenti svolti sul Sito<\/p>\n<p>Attraverso il Sito vengono raccolti e trattati differenti tipologie di dati personali, per finalit\u00e0 e con modalit\u00e0 diverse. Pi\u00f9 precisamente:<\/p>\n<p>(a) Sito:\u00a0dati personali inerenti alla navigazione, trattati principalmente al fine di consentire il corretto funzionamento del Sito. A tal riguardo ti invitiamo a leggere la specifica\u00a0Cookie Policy;<br \/>(b) Registrazione e servizi:\u00a0dati personali forniti volontariamente dall\u2019utente (come, ad esempio, l\u2019indirizzo di posta elettronica, i dati anagrafici, la password forniti mediante la compilazione dell\u2019eventuale form di registrazione dell\u2019account personale) o altrimenti lecitamente acquisiti, per riscontrare le richieste di quest\u2019ultimo ed offrire i servizi, l\u2019assistenza e le informazioni richieste circa Fondazione BIellezza ed utilizzati da Fondazione per riscontrare le richieste di quest\u2019ultimo circa le attivit\u00e0 ed i progetti di Fondazione ovvero forniti direttamente dall\u2019utente per proporre eventuali progetti o iniziative;\u00a0<br \/>(c) Social log-in:\u00a0Si precisa che la registrazione e l\u2019accesso tramite profilo social comportano la comunicazione di determinati dati (tra cui nome, cognome, email ed eventuali altri dati relativi all\u2019utente e presenti sul social medesimo) da parte del social prescelto e necessitano prima del log-in di una specifica autorizzazione a procedere. In alcuni casi i social richiedono di ottenere alcuni feedback ed informazioni circa l\u2019utilizzo del log-in. Per maggiori informazioni si invita a fare riferimento alla relativa documentazione privacy presente sul social;<br \/>(d) Marketing:\u00a0con l\u2019espresso consenso dell\u2019utente Fondazione pu\u00f2 trattare i dati personali di quest\u2019ultimo per finalit\u00e0 di marketing, cio\u00e8 per inviare all\u2019utente, sia tramite strumenti tecnologici, quali newsletter, email, sms e mms, che strumenti tradizionali quali la posta ed il telefono, informazioni ed aggiornamenti sulle attivit\u00e0, sulle campagne promozionali, sugli eventi ed altre iniziative promosse da Fondazione, anche in collaborazione con propri partner commerciali, nonch\u00e9 per effettuare specifiche ricerche di mercato.<br \/>(e) Studio delle abitudini: Con l\u2019espresso consenso dell\u2019utente, Fondazione pu\u00f2 inoltre trattare i dati personali di quest\u2019ultimo per finalit\u00e0 di studio delle abitudini, degli interessi e delle scelte di consumo, per rendere i propri servizi e le proprie iniziative pi\u00f9 rispondenti ai gusti ed alle necessit\u00e0 dei propri clienti.<br \/>(f) Trasferimento a terzi:\u00a0Sempre con il consenso espresso da parte dell\u2019utente, Fondazione potr\u00e0 trasferire i dati personali di quest\u2019ultimo a partner commerciali operanti nel modo della cultura, della\u00a0consiergerie, dei viaggi ovvero societ\u00e0 e soggetti collegati alle attivit\u00e0 ed al mondo della Fondazione, affinch\u00e9 gli stessi possano trattare tali dati per proprie finalit\u00e0 commerciali e di marketing sia tramite strumenti tecnologici, quali newsletter, email, sms e mms, che tramite strumenti tradizionali quali la posta ed il telefono.<br \/>I dati degli utenti non saranno in alcun modo diffusi al pubblico.\u00a0<br \/>\u00a0<\/p>\n<p>3- Fonte dei dati personali e base giuridica del trattamento<\/p>\n<p>I dati personali raccolti e trattati da Fondazione sono forniti direttamente dall\u2019utente, fatta eccezione per i dati di navigazione di cui alla sezione \u201cCookie\u201d del precedente punto 2 (a) e per i dati raccolti in caso di registrazione e accesso tramite profilo social di cui alla sezione \u201cSocial log-in\u201d del precedente punto 2 (c).<\/p>\n<p>Fatta eccezione per i dati di navigazione, regolati dalla Cookie Policy, il trattamento dei dati personali \u00e8 fondato:<\/p>\n<p>\u2013 per le finalit\u00e0 di Registrazione e Servizi (punto 2 b), nel legittimo interesse di Fondazione a fornire informazioni, servizi del Sito e dare riscontro a richieste dell\u2019utente.<\/p>\n<p>\u2013 per le finalit\u00e0 di Social log-in (punto 2 c), Marketing (punto 2 d), Studio delle preferenze (punto 2 e) e per la finalit\u00e0 di Comunicazione a terzi (punto 2 f), sullo specifico consenso fornito dall\u2019utente.<\/p>\n<p>4- Studio delle abitudini e delle scelte di consumo<\/p>\n<p>Come indicato al precedente punto 2 (e) e con l\u2019espresso consenso dell\u2019utente, Fondazione potr\u00e0 trattare i dati personali dell\u2019utente medesimo per finalit\u00e0 di studio delle abitudini, degli interessi e delle scelte di consumo degli utenti per rendere i propri prodotti e le proprie iniziative pi\u00f9 rispondenti ai gusti e alle esigenze dei propri clienti.<\/p>\n<p>I dati verranno trattati con l\u2019ausilio di strumenti automatizzati, tramite i quali Fondazione tratter\u00e0 dati relativi alla tipologia delle attivit\u00e0 ed eventi per cui Lei ha mostrato interesse e\/o a cui ha partecipato, nell\u2019arco di un periodo di tempo determinato. Tale studio si pone come unico obiettivo quello di proporre a clienti ed utenti prodotti, servizi e iniziative pi\u00f9 rispondenti ai loro gusti e alle loro esigenze, ed avverr\u00e0 con modalit\u00e0 non invadenti.<\/p>\n<p>5- Modalit\u00e0 di trattamento dei dati personali e periodo di conservazione<\/p>\n<p>I dati personali raccolti tramite il Sito vengono trattati con modalit\u00e0 e strumenti prevalentemente informatici e telematici, adottando le misure di sicurezza in modo da ridurre al minimo i rischi di distruzione o di perdita, anche accidentale, dei dati stessi, di accesso non autorizzato o di trattamento non consentito o non conforme alle finalit\u00e0 di raccolta indicate nella presente Privacy Policy.<\/p>\n<p>Tuttavia, tali misure, per la natura del mezzo di trasmissione online, non possono limitare o escludere in assoluto qualsiasi rischio di accesso non consentito o di dispersione dei dati. A tal fine si consiglia di verificare periodicamente che il computer sia dotato di dispositivi software adeguati per alla protezione della trasmissione in rete di dati, sia in entrata sia in uscita (come sistemi antivirus aggiornati) e che il fornitore di servizi Internet abbia adottato misure idonee per la sicurezza della trasmissione di dati in rete (come ad esempio firewall e filtri antispamming).<\/p>\n<p>I dati personali forniti dall\u2019utente nel corso della navigazione ed inerenti alla navigazione stessa, saranno conservati per un periodo non superiore a 5 anni. I dati personali trattati per fornire un riscontro all\u2019interessato, ovvero per fornire un servizio, saranno conservati per il tempo necessario a fornire all\u2019utente il riscontro o il servizio richiesto. I dati raccolti per finalit\u00e0 di marketing e di profilazione saranno conservati per un periodo di tempo limitato, non superiore a 5 anni.<\/p>\n<p>6- Natura obbligatoria o facoltativa del conferimento dei dati\u00a0<\/p>\n<p>Fatta eccezione per i dati di navigazione il cui conferimento e la cui raccolta sono regolati dalla Cookie Policy, il conferimento dei dati personali raccolti attraverso il Sito, sia per far fronte a richieste e quesiti degli utenti, sia per finalit\u00e0 di marketing e di studio delle abitudini e delle preferenze di consumo \u00e8 libero, facoltativo ed opzionale. Il mancato conferimento non limita l\u2019utilizzo del Sito, potendo tuttavia rendere impossibile per Fondazione far fronte alle richieste di informazioni ed ai quesiti, ovvero inviare materiale informativo, aggiornamenti, newsletter ed inviti agli eventi organizzati da Fondazione e\/o dai suoi partner commerciali.<\/p>\n<p>7- Categorie di soggetti destinatari dei dati personali e trasferimento all\u2019estero<\/p>\n<p>Fondazione comunica i dati personali degli utenti del Sito unicamente entro i limiti consentiti dalla legge e conformemente a quanto qui di seguito indicato.<\/p>\n<p>In aggiunta a quanto indicato al precedente punto 2 f. (ossia la comunicazione dei dati personali a soggetti terzi o partner commerciali a fronte di un espresso consenso) ed al precedente punto 2 c. (ossia l\u2019eventuale utilizzo del Social log-in) i dati personali saranno trattati e conosciuti da:<\/p>\n<p>(i) dipendenti, collaboratori e consulenti di Fondazione, che agiscono in qualit\u00e0 di soggetti autorizzati al trattamento ed a ci\u00f2 istruiti dal Titolare;<\/p>\n<p>(ii) dalle societ\u00e0 che agiscono in qualit\u00e0 di responsabili del trattamento nominati dal Titolare e soggetti operanti sul territorio per le attivit\u00e0 svolte da Fondazione;<\/p>\n<p>(iii) societ\u00e0 che svolgono per Fondazione specifici servizi tecnici ed organizzativi connessi al Sito ed alla gestione delle attivit\u00e0 di marketing e comunicazione in qualit\u00e0 di responsabili del trattamento nominati dal Titolare.<\/p>\n<p>Inoltre i dati potranno essere comunicati a forze di polizia o all\u2019autorit\u00e0 giudiziaria, in conformit\u00e0 alla legge e previa richiesta formale da parte di tali soggetti, oppure nel caso in cui vi siano fondate ragioni per ritenere che la comunicazione di tali dati sia ragionevolmente necessaria per (1) investigare, prevenire o assumere iniziative relative a sospette attivit\u00e0 illecite o assistere le autorit\u00e0 statali di controllo e di vigilanza; (2) difendersi contro qualsiasi reclamo o accusa da parte di terzi, o proteggere la sicurezza del proprio sito web e dell\u2019azienda; ovvero (3) esercitare o proteggere i diritti, la propriet\u00e0 o la sicurezza di Fondazione dei suoi affiliati, dei suoi clienti, dei suoi dipendenti o di qualsiasi altro soggetto.<\/p>\n<p>I dati personali non saranno diffusi e verranno trasferiti all\u2019estero, anche in paesi extra UE, unicamente garantendo livelli di tutela e salvaguardia adeguati secondo le norme di legge, quali le Clausole Contrattuali Standard approvate dalla Commissione Europea. Per ulteriori informazioni in merito alla localizzazione dei dati, \u00e8 possibile contattare il Responsabile per la protezione dei dati.<\/p>\n<p>8- Diritti riconosciuti dalla legge privacy all\u2019utente<\/p>\n<p>L\u2019utente ha sempre il diritto di ottenere da Fondazione l\u2019accesso ai dati personali che lo riguardano, la conferma dell\u2019esistenza o meno di dati personali che lo riguardano, anche se non ancora registrati, e la loro comunicazione in forma intelligibile. Ha inoltre il diritto di ottenere informazioni circa l\u2019origine dei dati personali; la finalit\u00e0 e la modalit\u00e0 del trattamento; la logica applicata in caso di trattamento effettuato con l\u2019ausilio di strumenti elettronici nonch\u00e9 il diritto di conoscerne i risultati ed eventualmente chiederne la modifica; gli estremi identificativi del titolare e dei responsabili del trattamento; l\u2019indicazione dei soggetti o delle categorie di soggetti ai quali i dati personali possono essere comunicati o che possono venirne a conoscenza in qualit\u00e0, ad esempio, di responsabili o soggetti autorizzati al trattamento ed a ci\u00f2 istruiti.<\/p>\n<p>L\u2019utente ha altres\u00ec il diritto di richiedere l\u2019aggiornamento, la rettifica ovvero, quando vi abbia interesse, l\u2019integrazione dei dati personali, la cancellazione, la trasformazione in forma anonima o il blocco dei dati personali, trattati in violazione di legge, compresi quelli di cui non \u00e8 necessaria la conservazione in relazione agli scopi per i quali i dati sono stati raccolti o successivamente trattati; la limitazione del trattamento; l\u2019attestazione che le operazioni di cui sopra sono state portate a conoscenza, anche per quanto riguarda il loro contenuto, di coloro ai quali i dati sono stati comunicati, eccettuato il caso in cui tale adempimento si rivela impossibile o comporta un impiego di mezzi manifestamente sproporzionato rispetto al diritto tutelato.<\/p>\n<p>L\u2019utente ha, comunque, il diritto di opporsi in tutto o in parte al trattamento dei dati personali che lo riguardano e di revocare il consenso, ove prestato. Il diritto di opposizione potr\u00e0 essere esercitato anche specificamente con riguardo ad una o pi\u00f9 modalit\u00e0 di invio di comunicazioni marketing.<\/p>\n<p>I diritti sopra elencati potranno essere esercitati contattando Fondazione scrivendo a\u00a0fondazionebiellezza@pec.it\u00a0.<\/p>\n<p>&nbsp;<\/p>\n<\/div><\/div><\/div><\/div><\/div>\n","protected":false},"excerpt":{"rendered":"","protected":false},"author":2,"featured_media":0,"parent":0,"menu_order":0,"comment_status":"closed","ping_status":"closed","template":"100-width.php","meta":{"footnotes":""},"class_list":["post-6035","page","type-page","status-publish","hentry"],"yoast_head":"<!-- This site is optimized with the Yoast SEO plugin v27.4 - https:\/\/yoast.com\/product\/yoast-seo-wordpress\/ -->\n<title>Privacy policy - NATURALMENTE BIELLA<\/title>\n<meta name=\"robots\" content=\"index, follow, max-snippet:-1, max-image-preview:large, max-video-preview:-1\" \/>\n<link rel=\"canonical\" href=\"https:\/\/naturalmentebiella.it\/index.php\/privacy-policy\/\" \/>\n<meta property=\"og:locale\" content=\"it_IT\" \/>\n<meta property=\"og:type\" content=\"article\" \/>\n<meta property=\"og:title\" content=\"Privacy policy - NATURALMENTE BIELLA\" \/>\n<meta property=\"og:url\" content=\"https:\/\/naturalmentebiella.it\/index.php\/privacy-policy\/\" \/>\n<meta property=\"og:site_name\" content=\"NATURALMENTE BIELLA\" \/>\n<meta property=\"article:publisher\" content=\"https:\/\/www.facebook.com\/FondazioneBiellezza\/\" \/>\n<meta property=\"article:modified_time\" content=\"2025-07-03T17:03:23+00:00\" \/>\n<meta name=\"twitter:card\" content=\"summary_large_image\" \/>\n<meta name=\"twitter:label1\" content=\"Tempo di lettura stimato\" \/>\n\t<meta name=\"twitter:data1\" content=\"12 minuti\" \/>\n<script type=\"application\/ld+json\" class=\"yoast-schema-graph\">{\"@context\":\"https:\\\/\\\/schema.org\",\"@graph\":[{\"@type\":\"WebPage\",\"@id\":\"https:\\\/\\\/naturalmentebiella.it\\\/index.php\\\/privacy-policy\\\/\",\"url\":\"https:\\\/\\\/naturalmentebiella.it\\\/index.php\\\/privacy-policy\\\/\",\"name\":\"Privacy policy - NATURALMENTE BIELLA\",\"isPartOf\":{\"@id\":\"https:\\\/\\\/naturalmentebiella.it\\\/#website\"},\"datePublished\":\"2025-07-03T16:55:22+00:00\",\"dateModified\":\"2025-07-03T17:03:23+00:00\",\"breadcrumb\":{\"@id\":\"https:\\\/\\\/naturalmentebiella.it\\\/index.php\\\/privacy-policy\\\/#breadcrumb\"},\"inLanguage\":\"it-IT\",\"potentialAction\":[{\"@type\":\"ReadAction\",\"target\":[\"https:\\\/\\\/naturalmentebiella.it\\\/index.php\\\/privacy-policy\\\/\"]}]},{\"@type\":\"BreadcrumbList\",\"@id\":\"https:\\\/\\\/naturalmentebiella.it\\\/index.php\\\/privacy-policy\\\/#breadcrumb\",\"itemListElement\":[{\"@type\":\"ListItem\",\"position\":1,\"name\":\"Home\",\"item\":\"https:\\\/\\\/naturalmentebiella.it\\\/\"},{\"@type\":\"ListItem\",\"position\":2,\"name\":\"Privacy policy\"}]},{\"@type\":\"WebSite\",\"@id\":\"https:\\\/\\\/naturalmentebiella.it\\\/#website\",\"url\":\"https:\\\/\\\/naturalmentebiella.it\\\/\",\"name\":\"NATURALMENTE BIELLA\",\"description\":\"Un viaggio alla scoperta di un territorio autentico che non ti aspetti\",\"publisher\":{\"@id\":\"https:\\\/\\\/naturalmentebiella.it\\\/#organization\"},\"potentialAction\":[{\"@type\":\"SearchAction\",\"target\":{\"@type\":\"EntryPoint\",\"urlTemplate\":\"https:\\\/\\\/naturalmentebiella.it\\\/?s={search_term_string}\"},\"query-input\":{\"@type\":\"PropertyValueSpecification\",\"valueRequired\":true,\"valueName\":\"search_term_string\"}}],\"inLanguage\":\"it-IT\"},{\"@type\":\"Organization\",\"@id\":\"https:\\\/\\\/naturalmentebiella.it\\\/#organization\",\"name\":\"NATURALMENTE BIELLA\",\"url\":\"https:\\\/\\\/naturalmentebiella.it\\\/\",\"logo\":{\"@type\":\"ImageObject\",\"inLanguage\":\"it-IT\",\"@id\":\"https:\\\/\\\/naturalmentebiella.it\\\/#\\\/schema\\\/logo\\\/image\\\/\",\"url\":\"https:\\\/\\\/naturalmentebiella.it\\\/wp-content\\\/uploads\\\/2025\\\/06\\\/Logo_Naturalmente_Biella_web.svg\",\"contentUrl\":\"https:\\\/\\\/naturalmentebiella.it\\\/wp-content\\\/uploads\\\/2025\\\/06\\\/Logo_Naturalmente_Biella_web.svg\",\"width\":680,\"height\":100,\"caption\":\"NATURALMENTE BIELLA\"},\"image\":{\"@id\":\"https:\\\/\\\/naturalmentebiella.it\\\/#\\\/schema\\\/logo\\\/image\\\/\"},\"sameAs\":[\"https:\\\/\\\/www.facebook.com\\\/FondazioneBiellezza\\\/\"]}]}<\/script>\n<!-- \/ Yoast SEO plugin. -->","yoast_head_json":{"title":"Privacy policy - NATURALMENTE BIELLA","robots":{"index":"index","follow":"follow","max-snippet":"max-snippet:-1","max-image-preview":"max-image-preview:large","max-video-preview":"max-video-preview:-1"},"canonical":"https:\/\/naturalmentebiella.it\/index.php\/privacy-policy\/","og_locale":"it_IT","og_type":"article","og_title":"Privacy policy - NATURALMENTE BIELLA","og_url":"https:\/\/naturalmentebiella.it\/index.php\/privacy-policy\/","og_site_name":"NATURALMENTE BIELLA","article_publisher":"https:\/\/www.facebook.com\/FondazioneBiellezza\/","article_modified_time":"2025-07-03T17:03:23+00:00","twitter_card":"summary_large_image","twitter_misc":{"Tempo di lettura stimato":"12 minuti"},"schema":{"@context":"https:\/\/schema.org","@graph":[{"@type":"WebPage","@id":"https:\/\/naturalmentebiella.it\/index.php\/privacy-policy\/","url":"https:\/\/naturalmentebiella.it\/index.php\/privacy-policy\/","name":"Privacy policy - NATURALMENTE BIELLA","isPartOf":{"@id":"https:\/\/naturalmentebiella.it\/#website"},"datePublished":"2025-07-03T16:55:22+00:00","dateModified":"2025-07-03T17:03:23+00:00","breadcrumb":{"@id":"https:\/\/naturalmentebiella.it\/index.php\/privacy-policy\/#breadcrumb"},"inLanguage":"it-IT","potentialAction":[{"@type":"ReadAction","target":["https:\/\/naturalmentebiella.it\/index.php\/privacy-policy\/"]}]},{"@type":"BreadcrumbList","@id":"https:\/\/naturalmentebiella.it\/index.php\/privacy-policy\/#breadcrumb","itemListElement":[{"@type":"ListItem","position":1,"name":"Home","item":"https:\/\/naturalmentebiella.it\/"},{"@type":"ListItem","position":2,"name":"Privacy policy"}]},{"@type":"WebSite","@id":"https:\/\/naturalmentebiella.it\/#website","url":"https:\/\/naturalmentebiella.it\/","name":"NATURALMENTE BIELLA","description":"Un viaggio alla scoperta di un territorio autentico che non ti aspetti","publisher":{"@id":"https:\/\/naturalmentebiella.it\/#organization"},"potentialAction":[{"@type":"SearchAction","target":{"@type":"EntryPoint","urlTemplate":"https:\/\/naturalmentebiella.it\/?s={search_term_string}"},"query-input":{"@type":"PropertyValueSpecification","valueRequired":true,"valueName":"search_term_string"}}],"inLanguage":"it-IT"},{"@type":"Organization","@id":"https:\/\/naturalmentebiella.it\/#organization","name":"NATURALMENTE BIELLA","url":"https:\/\/naturalmentebiella.it\/","logo":{"@type":"ImageObject","inLanguage":"it-IT","@id":"https:\/\/naturalmentebiella.it\/#\/schema\/logo\/image\/","url":"https:\/\/naturalmentebiella.it\/wp-content\/uploads\/2025\/06\/Logo_Naturalmente_Biella_web.svg","contentUrl":"https:\/\/naturalmentebiella.it\/wp-content\/uploads\/2025\/06\/Logo_Naturalmente_Biella_web.svg","width":680,"height":100,"caption":"NATURALMENTE BIELLA"},"image":{"@id":"https:\/\/naturalmentebiella.it\/#\/schema\/logo\/image\/"},"sameAs":["https:\/\/www.facebook.com\/FondazioneBiellezza\/"]}]}},"_links":{"self":[{"href":"https:\/\/naturalmentebiella.it\/index.php\/wp-json\/wp\/v2\/pages\/6035","targetHints":{"allow":["GET"]}}],"collection":[{"href":"https:\/\/naturalmentebiella.it\/index.php\/wp-json\/wp\/v2\/pages"}],"about":[{"href":"https:\/\/naturalmentebiella.it\/index.php\/wp-json\/wp\/v2\/types\/page"}],"author":[{"embeddable":true,"href":"https:\/\/naturalmentebiella.it\/index.php\/wp-json\/wp\/v2\/users\/2"}],"replies":[{"embeddable":true,"href":"https:\/\/naturalmentebiella.it\/index.php\/wp-json\/wp\/v2\/comments?post=6035"}],"version-history":[{"count":3,"href":"https:\/\/naturalmentebiella.it\/index.php\/wp-json\/wp\/v2\/pages\/6035\/revisions"}],"predecessor-version":[{"id":6039,"href":"https:\/\/naturalmentebiella.it\/index.php\/wp-json\/wp\/v2\/pages\/6035\/revisions\/6039"}],"wp:attachment":[{"href":"https:\/\/naturalmentebiella.it\/index.php\/wp-json\/wp\/v2\/media?parent=6035"}],"curies":[{"name":"wp","href":"https:\/\/api.w.org\/{rel}","templated":true}]}}